{"id":923,"date":"2023-03-15T13:54:52","date_gmt":"2023-03-15T12:54:52","guid":{"rendered":"https:\/\/www.cra-centre.org\/formation\/?post_type=formationv2&#038;p=923"},"modified":"2026-04-13T15:28:42","modified_gmt":"2026-04-13T13:28:42","slug":"autisme-bien-comprendre","status":"publish","type":"catalogue","link":"https:\/\/www.cra-centre.org\/formation\/catalogue\/autisme-bien-comprendre\/","title":{"rendered":"Parcours ABC : Autisme, Bien Comprendre"},"content":{"rendered":"\n<p><\/p>\n\n\n\n<p><\/p>\n\n\n\n<p><\/p>\n","protected":false},"excerpt":{"rendered":"<p>Le parcours ABC est constitu\u00e9 de 10 exercices, invitant les participants \u00e0 r\u00e9fl\u00e9chir aux difficult\u00e9s que les personnes autistes sont susceptibles de rencontrer dans leur vie quotidienne.<\/p>\n","protected":false},"featured_media":1845,"template":"","meta":{"_acf_changed":true},"categorie":[69,70,71],"class_list":["post-923","catalogue","type-catalogue","status-publish","has-post-thumbnail","hentry","categorie-aidant","categorie-professionnel","categorie-tout-public","entry","has-media"],"acf":{"titre_de_la_formation":"Parcours ABC : Autisme, Bien Comprendre","description":"<strong>Le Parcours ABC devient le Circuit ABC<\/strong>.\u00a0 Il est constitu\u00e9 de 10 exercices, invitant les participants \u00e0 r\u00e9fl\u00e9chir aux difficult\u00e9s que les personnes autistes sont susceptibles de rencontrer dans leur vie quotidienne.\r\n\r\nPour accompagner et vivre avec les personnes autistes, il faut commencer par bien comprendre leurs ressources et leurs besoins.\r\nEt comment mieux les comprendre qu\u2019en s'approchant de ce qu'ils peuvent vivre au quotidien ?\r\n\r\nLes professionnels du C.R.A. qui dispensent cette sensibilisation \u00e0 l'autisme sont habilit\u00e9s par le CCC\u00a9.","niveau":"D\u00e9butant","image_niveau":1654,"Nouveaut\u00e9":"","statut":"Ouvert \u00e0 l'inscription","public":["Tout public"],"prerequis":"Aucun","duree":"3 heures","intervenants":["Educateur sp\u00e9cialis\u00e9","Psychologue","Documentaliste"],"objectifs_de_la_formation":"<ul>\r\n \t<li>Vivre une exp\u00e9rience qui permette de s\u2019approcher de ce que peuvent ressentir les personnes autistes dans leur environnement.<\/li>\r\n \t<li>S\u2019interroger sur leur fa\u00e7on de penser, de ressentir, de communiquer.<\/li>\r\n \t<li>R\u00e9fl\u00e9chir \u00e0 notre attitude, aux aides que nous mettons en place pour les personnes autistes.<\/li>\r\n<\/ul>","dates_de_la_formation":"<ul>\r\n \t<li>18\/05\/2026 de 9h30 \u00e0 12h30<\/li>\r\n \t<li>01\/07\/2026 de 9h30 \u00e0 12h30<\/li>\r\n \t<li>02\/11\/2026 de 13h30 \u00e0 16h30<\/li>\r\n<\/ul>","particularites":["Sans frais d'inscription et de formation"],"contenus":"<ul>\r\n \t<li>Courte pr\u00e9sentation des th\u00e9ories cognitives en jeu dans le TSA<\/li>\r\n \t<li>Exp\u00e9rimentation du v\u00e9cu des personnes avec autisme (10 ateliers)<\/li>\r\n \t<li>Echanges sur l'exp\u00e9rience<\/li>\r\n<\/ul>","horaire":"de 9h30 \u00e0 12h30","lieu":["CRATours"],"adresse_exterieur":"","effectif":"10 \u00e0 20 personnes","date_limite_inscription":"<ul>\r\n \t<li>5 jours avant la formation<\/li>\r\n<\/ul>","lien_dinscription_formation":"https:\/\/www.cra-centre.org\/formation\/parcours-abc-autisme-bien-comprendre\/","alerte_notification":"https:\/\/www.cra-centre.org\/formation\/parcours-abc-autisme-bien-comprendre_notification\/","moyens_pedagogiques":"Salle \u00e9quip\u00e9e d\u2019un vid\u00e9oprojecteur","methodes_pedagogiques":"Diaporamas, vid\u00e9os, \u00e9changes de pratiques","modalites_evaluation":"<span data-olk-copy-source=\"MessageBody\">Echanges en continu au fil de la journ\u00e9e, questions\/ r\u00e9ponses entre les stagiaires et l\u2019intervenant, questionnaire de satisfaction.<\/span>"},"_links":{"self":[{"href":"https:\/\/www.cra-centre.org\/formation\/wp-json\/wp\/v2\/catalogue\/923","targetHints":{"allow":["GET"]}}],"collection":[{"href":"https:\/\/www.cra-centre.org\/formation\/wp-json\/wp\/v2\/catalogue"}],"about":[{"href":"https:\/\/www.cra-centre.org\/formation\/wp-json\/wp\/v2\/types\/catalogue"}],"wp:featuredmedia":[{"embeddable":true,"href":"https:\/\/www.cra-centre.org\/formation\/wp-json\/wp\/v2\/media\/1845"}],"wp:attachment":[{"href":"https:\/\/www.cra-centre.org\/formation\/wp-json\/wp\/v2\/media?parent=923"}],"wp:term":[{"taxonomy":"categorie","embeddable":true,"href":"https:\/\/www.cra-centre.org\/formation\/wp-json\/wp\/v2\/categorie?post=923"}],"curies":[{"name":"wp","href":"https:\/\/api.w.org\/{rel}","templated":true}]}}