{"id":2188,"date":"2024-09-12T15:56:24","date_gmt":"2024-09-12T13:56:24","guid":{"rendered":"https:\/\/www.cra-centre.org\/formation\/?post_type=formationv2&#038;p=2188"},"modified":"2026-02-17T09:53:00","modified_gmt":"2026-02-17T08:53:00","slug":"s03-initiation-a-leducation-sexuelle-chez-les-personnes-avec-autisme-et-di","status":"publish","type":"catalogue","link":"https:\/\/www.cra-centre.org\/formation\/catalogue\/s03-initiation-a-leducation-sexuelle-chez-les-personnes-avec-autisme-et-di\/","title":{"rendered":"S03 &#8211; Initiation \u00e0 l&rsquo;\u00e9ducation sexuelle chez les personnes avec Trouble du Spectre de l&rsquo;Autisme (TSA) et Trouble du D\u00e9veloppement de l&rsquo;Intelligence (TDI)"},"content":{"rendered":"","protected":false},"excerpt":{"rendered":"<p>Cette formation a pour but de d\u00e9finir la notion de sexualit\u00e9 et de permettre aux professionnels de mettre en place un accompagnement adapt\u00e9 aupr\u00e8s des personnes avec TSA. Il s&rsquo;agit d&rsquo;une sensibilisation qui peut \u00eatre compl\u00e9t\u00e9e par un approfondissement.<\/p>\n","protected":false},"featured_media":2189,"template":"","meta":{"_acf_changed":true},"categorie":[70],"class_list":["post-2188","catalogue","type-catalogue","status-publish","has-post-thumbnail","hentry","categorie-professionnel","entry","has-media"],"acf":{"titre_de_la_formation":"S03 - Initiation \u00e0 l'\u00e9ducation sexuelle chez les personnes avec Trouble du Spectre de l'Autisme (TSA) et Trouble du D\u00e9veloppement de l'Intelligence (TDI)","description":"Cette formation a pour but de d\u00e9finir la notion de sexualit\u00e9 et de permettre aux professionnels de mettre en place un accompagnement adapt\u00e9 aupr\u00e8s des personnes avec TSA. Il s'agit d'une sensibilisation qui peut \u00eatre compl\u00e9t\u00e9e par un approfondissement.","niveau":"D\u00e9butant","image_niveau":1654,"Nouveaut\u00e9":["Nouvelle formation"],"statut":"En cours de programmation","public":["Professionnel du domaine m\u00e9dico-social ou sanitaire"],"prerequis":"Aucun","duree":"2 heures","intervenants":["Infirmier","Psychologue"],"objectifs_de_la_formation":"<ul>\r\n \t<li>Sensibiliser les \u00e9quipes et permettre de parler de l'\u00e9ducation sexuelle<\/li>\r\n \t<li>R\u00e9fl\u00e9chir et am\u00e9liorer ses pratiques professionnelles<\/li>\r\n \t<li>Mener une r\u00e9flexion sur les repr\u00e9sentations sociales de la sexualit\u00e9 dans le champ du handicap<\/li>\r\n<\/ul>","dates_de_la_formation":"","particularites":["Sans frais d'inscription et de formation"],"contenus":"- Accueil\r\n- Apporter un cadre de r\u00e9f\u00e9rence\r\n- R\u00e9flexion sur la mise en place de nouvelles pratiques\r\n- Echange et retour d'exp\u00e9riences","horaire":"A pr\u00e9ciser","lieu":["CRATours","Enligne"],"adresse_exterieur":"","effectif":"Selon la demande","date_limite_inscription":"<ul>\r\n \t<li>5 jours avant le d\u00e9but de la formation<\/li>\r\n<\/ul>","lien_dinscription_formation":"https:\/\/www.cra-centre.org\/formation\/s03\/","alerte_notification":"https:\/\/www.cra-centre.org\/formation\/s03-initiation-a-leducation-sexuelle-chez-les-personnes-avec-trouble-du-spectre-de-lautisme-tsa-et-trouble-du-developpement-de-lintelligence-tdi_notif\/","moyens_pedagogiques":"","methodes_pedagogiques":"Diaporamas, vid\u00e9os, \u00e9changes de pratiques","modalites_evaluation":"<span data-olk-copy-source=\"MessageBody\">Echanges en continu au fil de la journ\u00e9e, questions\/ r\u00e9ponses entre les stagiaires et l\u2019intervenant, questionnaire de satisfaction.<\/span>"},"_links":{"self":[{"href":"https:\/\/www.cra-centre.org\/formation\/wp-json\/wp\/v2\/catalogue\/2188","targetHints":{"allow":["GET"]}}],"collection":[{"href":"https:\/\/www.cra-centre.org\/formation\/wp-json\/wp\/v2\/catalogue"}],"about":[{"href":"https:\/\/www.cra-centre.org\/formation\/wp-json\/wp\/v2\/types\/catalogue"}],"wp:featuredmedia":[{"embeddable":true,"href":"https:\/\/www.cra-centre.org\/formation\/wp-json\/wp\/v2\/media\/2189"}],"wp:attachment":[{"href":"https:\/\/www.cra-centre.org\/formation\/wp-json\/wp\/v2\/media?parent=2188"}],"wp:term":[{"taxonomy":"categorie","embeddable":true,"href":"https:\/\/www.cra-centre.org\/formation\/wp-json\/wp\/v2\/categorie?post=2188"}],"curies":[{"name":"wp","href":"https:\/\/api.w.org\/{rel}","templated":true}]}}