{"id":1896,"date":"2024-05-21T16:24:00","date_gmt":"2024-05-21T14:24:00","guid":{"rendered":"https:\/\/www.cra-centre.org\/formation\/?post_type=formationv2&#038;p=1896"},"modified":"2026-02-17T09:57:54","modified_gmt":"2026-02-17T08:57:54","slug":"special-proches-aidants-mieux-comprendre-les-troubles-du-spectre-de-lautisme","status":"publish","type":"catalogue","link":"https:\/\/www.cra-centre.org\/formation\/catalogue\/special-proches-aidants-mieux-comprendre-les-troubles-du-spectre-de-lautisme\/","title":{"rendered":"Sp\u00e9cial proches aidants : Mieux comprendre les Troubles du Spectre de l&rsquo;Autisme (TSA) en R\u00e9gion Centre-Val de Loire"},"content":{"rendered":"","protected":false},"excerpt":{"rendered":"<p>Dans le cadre de la strat\u00e9gie nationale autisme, cette formation est con\u00e7ue et anim\u00e9e par des professionnels sp\u00e9cialis\u00e9s, des familles et des personnes avec Trouble du Spectre de l\u2019Autisme (TSA).<br \/>\nElle est propos\u00e9e aux parents, familles et aidants familiaux afin de leur apporter une meilleure connaissance sur le TSA pour leur permettre de faire face \u00e0 la situation de handicap.<\/p>\n","protected":false},"featured_media":3880,"template":"","meta":{"_acf_changed":true},"categorie":[69],"class_list":["post-1896","catalogue","type-catalogue","status-publish","has-post-thumbnail","hentry","categorie-aidant","entry","has-media"],"acf":{"titre_de_la_formation":"Sp\u00e9cial proches aidants : Mieux comprendre les Troubles du Spectre de l'Autisme (TSA) en R\u00e9gion Centre-Val de Loire","description":"Cette formation gratuite (repas fourni) sera pr\u00e9sent\u00e9e dans chaque d\u00e9partement de la r\u00e9gion Centre-Val de Loire.\r\nVos frais de d\u00e9placement seront pris en charge sur demande et pr\u00e9sentation de justificatifs originaux (frais limit\u00e9s \u00e0 100\u20ac par famille).\r\nVeuillez nous contacter si vous avez besoin que votre enfant soit accueilli durant le temps de la formation.\r\n\r\n&nbsp;","niveau":"D\u00e9butant","image_niveau":1654,"Nouveaut\u00e9":"","statut":"Ouvert \u00e0 l'inscription","public":["Parent","Aidant familial"],"prerequis":"<ul>\r\n \t<li>Formation r\u00e9serv\u00e9e aux aidants familiaux<\/li>\r\n \t<li>La personne autiste que vous accompagnez doit avoir \u00e9t\u00e9 diagnostiqu\u00e9e<\/li>\r\n \t<li>Vous vous engagez \u00e0 suivre les 2 jours de formation<\/li>\r\n<\/ul>\r\nAttention : Si vous vous inscrivez dans un d\u00e9partement autre que le v\u00f4tre, votre inscription ne sera pas prise en compte.","duree":"2 samedis par an dans chaque d\u00e9partement de la r\u00e9gion Centre-Val de Loire","intervenants":["Cadre de sant\u00e9","M\u00e9decin Psychiatre","Orthophoniste","Ergoth\u00e9rapeute","Psychologue","Psychomotricien"],"objectifs_de_la_formation":"<ul>\r\n \t<li>Dans le cadre de la strat\u00e9gie nationale autisme, cette formation est con\u00e7ue et anim\u00e9e par des professionnels sp\u00e9cialis\u00e9s, des familles et des personnes avec Trouble du Spectre de l\u2019Autisme (TSA).<\/li>\r\n \t<li>Elle est propos\u00e9e aux parents, familles et aidants familiaux afin de leur apporter une meilleure connaissance sur le TSA pour leur permettre de faire face \u00e0 la situation de handicap.<\/li>\r\n<\/ul>","dates_de_la_formation":"<ul>\r\n \t<li>21\/03 et 11\/04\/2026 pour les d\u00e9partements 28 et 45<\/li>\r\n \t<li>30\/05 et 20\/06\/2026 pour les d\u00e9partements 18 et 36<\/li>\r\n \t<li>10\/10 et 07\/11\/2026 pour les d\u00e9partements 37 et 41<\/li>\r\n<\/ul>","particularites":["Sans frais d'inscription et de formation"],"contenus":"Journ\u00e9e 1\r\n\u2022 Faisons connaissance\r\n\u2022 Les Troubles du Spectre de l\u2019Autisme, de quoi\r\ns\u2019agit-il ?\r\n\u2022 Vivre avec l\u2019autisme\r\n\u2022 D\u00e9jeuner - temps d\u2019\u00e9change\r\n\u2022 Atelier th\u00e9matique\r\n\u2022 Echanges avec les participants\r\n\r\nJourn\u00e9e 2\r\n\u2022 Ressentir pour mieux comprendre\r\n\u2022 Le langage et la communication des personnes\r\navec autisme\r\n\u2022 La sensorialit\u00e9 des personnes avec autisme\r\n\u2022 D\u00e9jeuner - temps d\u2019\u00e9change\r\n\u2022 Atelier th\u00e9matique\r\n\u2022 Echanges avec les participants","horaire":"9h-16h30","lieu":["Ext\u00e9rieur"],"adresse_exterieur":"","effectif":"10 \u00e0 20 personnes","date_limite_inscription":"<ul>\r\n \t<li>5 jours avant la date de formation<\/li>\r\n<\/ul>","lien_dinscription_formation":"https:\/\/www.cra-centre.org\/formation\/special-proches-aidants-mieux-comprendre-les-troubles-du-spectre-de-lautisme-tsa-en-indre-et-loire-37-et-loir-et-cher-41\/","alerte_notification":"https:\/\/www.cra-centre.org\/formation\/special-proches-aidants-mieux-comprendre-les-troubles-du-spectre-de-lautisme-tsa-en-indre-et-loire-37-et-loir-et-cher-41_notification\/","moyens_pedagogiques":"Salles \u00e9quip\u00e9es","methodes_pedagogiques":"Diaporamas, vid\u00e9os, \u00e9changes de pratiques","modalites_evaluation":"<span data-olk-copy-source=\"MessageBody\">Echanges en continu au fil de la journ\u00e9e, questions\/ r\u00e9ponses entre les stagiaires et l\u2019intervenant, questionnaire de satisfaction.<\/span>"},"_links":{"self":[{"href":"https:\/\/www.cra-centre.org\/formation\/wp-json\/wp\/v2\/catalogue\/1896","targetHints":{"allow":["GET"]}}],"collection":[{"href":"https:\/\/www.cra-centre.org\/formation\/wp-json\/wp\/v2\/catalogue"}],"about":[{"href":"https:\/\/www.cra-centre.org\/formation\/wp-json\/wp\/v2\/types\/catalogue"}],"wp:featuredmedia":[{"embeddable":true,"href":"https:\/\/www.cra-centre.org\/formation\/wp-json\/wp\/v2\/media\/3880"}],"wp:attachment":[{"href":"https:\/\/www.cra-centre.org\/formation\/wp-json\/wp\/v2\/media?parent=1896"}],"wp:term":[{"taxonomy":"categorie","embeddable":true,"href":"https:\/\/www.cra-centre.org\/formation\/wp-json\/wp\/v2\/categorie?post=1896"}],"curies":[{"name":"wp","href":"https:\/\/api.w.org\/{rel}","templated":true}]}}