{"id":1877,"date":"2024-05-07T16:47:32","date_gmt":"2024-05-07T14:47:32","guid":{"rendered":"https:\/\/www.cra-centre.org\/formation\/?post_type=formationv2&#038;p=1877"},"modified":"2026-02-17T09:58:24","modified_gmt":"2026-02-17T08:58:24","slug":"pa02-comprendre-et-accompagner-les-particularites-sensorielles-et-psychomotrices-de-mon-enfant","status":"publish","type":"catalogue","link":"https:\/\/www.cra-centre.org\/formation\/catalogue\/pa02-comprendre-et-accompagner-les-particularites-sensorielles-et-psychomotrices-de-mon-enfant\/","title":{"rendered":"PA02 &#8211; Sp\u00e9cial parents : Comprendre et accompagner les particularit\u00e9s sensorielles et (psycho)motrices de mon enfant autiste"},"content":{"rendered":"","protected":false},"excerpt":{"rendered":"<p>Vous \u00eates parents d&rsquo;enfant avec autisme, cette formation peut vous int\u00e9resser. Elle a pour but d&rsquo;apporter un \u00e9clairage sur le profil sensoriel et moteur de votre enfant. Ces profils peuvent \u00eatre tr\u00e8s diff\u00e9rents d\u2019un enfant \u00e0 l&rsquo;autre et \u00e9voluer dans le temps.  La dynamique de groupe nous permettra d&rsquo;\u00e9changer sur la vari\u00e9t\u00e9 des signes sensoriels et psychomoteurs retrouv\u00e9s dans l&rsquo;autisme, qui dessinent des profils tr\u00e8s vari\u00e9s puis de r\u00e9fl\u00e9chir ensemble sur de possibles adaptations pour votre enfant.<br \/>\nEcoute, \u00e9changes et bienveillance seront au rendez-vous.<\/p>\n","protected":false},"featured_media":1839,"template":"","meta":{"_acf_changed":true},"categorie":[69],"class_list":["post-1877","catalogue","type-catalogue","status-publish","has-post-thumbnail","hentry","categorie-aidant","entry","has-media"],"acf":{"titre_de_la_formation":"PA02 - Sp\u00e9cial parents : Comprendre et accompagner les particularit\u00e9s sensorielles et (psycho)motrices de mon enfant autiste","description":"Vous \u00eates parents d'enfant avec autisme, cette formation peut vous int\u00e9resser. Elle a pour but d'apporter un \u00e9clairage sur le profil sensoriel et moteur de votre enfant. Ces profils peuvent \u00eatre tr\u00e8s diff\u00e9rents d\u2019un enfant \u00e0 l'autre et \u00e9voluer dans le temps. La dynamique de groupe nous permettra d'\u00e9changer sur la vari\u00e9t\u00e9 des signes sensoriels et psychomoteurs retrouv\u00e9s dans l'autisme, qui dessinent des profils tr\u00e8s vari\u00e9s puis de r\u00e9fl\u00e9chir ensemble sur de possibles adaptations pour votre enfant.\r\nEcoute, \u00e9changes et bienveillance seront au rendez-vous.","niveau":"D\u00e9butant","image_niveau":1654,"Nouveaut\u00e9":"","statut":"Ouvert \u00e0 l'inscription","public":["Parent"],"prerequis":"Aucun\r\nLa personne avec autisme doit avoir \u00e9t\u00e9 diagnostiqu\u00e9e","duree":"6 heures","intervenants":["Psychomotricien"],"objectifs_de_la_formation":"<ul>\r\n \t<li>En utilisant la th\u00e9orie, mise en situation et \u00e9changes pour mieux comprendre l'impact de ces profils sur le comportement des enfants<\/li>\r\n \t<li>Avoir les outils pour accompagner ces enfants au quotidien<\/li>\r\n<\/ul>","dates_de_la_formation":"<ul>\r\n \t<li>18\/09\/2026<\/li>\r\n<\/ul>","particularites":["Sans frais d'inscription et de formation"],"contenus":"<ul>\r\n \t<li>Description et caract\u00e9ristiques du trouble du neurod\u00e9veloppement (TND) et du trouble du spectre de l\u2019autisme (TSA)<\/li>\r\n \t<li>Les particularit\u00e9s sensorielles dans le TSA<\/li>\r\n \t<li>Signes sensoriels observables et adaptations possibles<\/li>\r\n \t<li>Signes moteurs observables et adaptations possibles<\/li>\r\n \t<li>\u00c9change et pr\u00e9sentation de mat\u00e9riel<\/li>\r\n<\/ul>","horaire":"9h00-12h30 \/ 13h30-16h00","lieu":["CRATours"],"adresse_exterieur":"","effectif":"6 \u00e0 8 personnes","date_limite_inscription":"<ul>\r\n \t<li>5 jours avant la formation<\/li>\r\n<\/ul>","lien_dinscription_formation":"https:\/\/www.cra-centre.org\/formation\/pa02-special-parents-comprendre-et-accompagner-les-particularites-sensorielles-et-psychomotrices-de-mon-enfant-autiste\/","alerte_notification":"https:\/\/www.cra-centre.org\/formation\/pa02-special-parents-comprendre-et-accompagner-les-particularites-sensorielles-et-psychomotrices-de-mon-enfant-autiste_notification\/","moyens_pedagogiques":"Salles \u00e9quip\u00e9es","methodes_pedagogiques":"Diaporamas, vid\u00e9os, \u00e9changes de pratiques","modalites_evaluation":"<span data-olk-copy-source=\"MessageBody\">Echanges en continu au fil de la journ\u00e9e, questions\/ r\u00e9ponses entre les stagiaires et l\u2019intervenant, questionnaire de satisfaction.<\/span>"},"_links":{"self":[{"href":"https:\/\/www.cra-centre.org\/formation\/wp-json\/wp\/v2\/catalogue\/1877","targetHints":{"allow":["GET"]}}],"collection":[{"href":"https:\/\/www.cra-centre.org\/formation\/wp-json\/wp\/v2\/catalogue"}],"about":[{"href":"https:\/\/www.cra-centre.org\/formation\/wp-json\/wp\/v2\/types\/catalogue"}],"wp:featuredmedia":[{"embeddable":true,"href":"https:\/\/www.cra-centre.org\/formation\/wp-json\/wp\/v2\/media\/1839"}],"wp:attachment":[{"href":"https:\/\/www.cra-centre.org\/formation\/wp-json\/wp\/v2\/media?parent=1877"}],"wp:term":[{"taxonomy":"categorie","embeddable":true,"href":"https:\/\/www.cra-centre.org\/formation\/wp-json\/wp\/v2\/categorie?post=1877"}],"curies":[{"name":"wp","href":"https:\/\/api.w.org\/{rel}","templated":true}]}}