{"id":1804,"date":"2024-02-01T16:31:04","date_gmt":"2024-02-01T15:31:04","guid":{"rendered":"https:\/\/www.cra-centre.org\/formation\/?post_type=formationv2&#038;p=1804"},"modified":"2026-02-17T09:57:38","modified_gmt":"2026-02-17T08:57:38","slug":"i09-appui-a-la-scolarisation-des-enfants-avec-tsa","status":"publish","type":"catalogue","link":"https:\/\/www.cra-centre.org\/formation\/catalogue\/i09-appui-a-la-scolarisation-des-enfants-avec-tsa\/","title":{"rendered":"I09 &#8211; Appui \u00e0 la scolarisation des enfants avec Troubles du Spectre de l&rsquo;Autisme (TSA)"},"content":{"rendered":"","protected":false},"excerpt":{"rendered":"<p>La scolarisation d&rsquo;un enfant avec Trouble du Spectre de l&rsquo;Autisme (TSA) n\u00e9cessite un travail de coop\u00e9ration entre les diff\u00e9rents partenaires (parents, jeune lui-m\u00eame quand son \u00e2ge le permet, personnels de l&rsquo;Education Nationale, service de soins, professionnels en lib\u00e9ral&#8230;)<br \/>\nCette formation s&rsquo;adresse \u00e0 toute personne, professionnelle ou non*. Elle a pour objectif d&rsquo;apporter les connaissances sp\u00e9cifiques sur l&rsquo;autisme, les pr\u00e9conisations \u00e0 suivre en milieu scolaire, les enjeux de l&rsquo;\u00e9cole inclusive, la place et le r\u00f4le de chacun des partenaires. Ceci afin de permettre une scolarisation la plus apais\u00e9e possible.<\/p>\n<p>* Si vous \u00eates personnel de l&rsquo;Education Nationale, la formation I06 vous est d\u00e9di\u00e9e. Pour la consulter et\/ou vous inscrire, cliquez sur le lien : I06<\/p>\n","protected":false},"featured_media":2698,"template":"","meta":{"_acf_changed":true},"categorie":[69,70,71],"class_list":["post-1804","catalogue","type-catalogue","status-publish","has-post-thumbnail","hentry","categorie-aidant","categorie-professionnel","categorie-tout-public","entry","has-media"],"acf":{"titre_de_la_formation":"I09 - Appui \u00e0 la scolarisation des enfants avec Troubles du Spectre de l'Autisme (TSA)","description":"La scolarisation d'un enfant avec Trouble du Spectre de l'Autisme (TSA) n\u00e9cessite un travail de coop\u00e9ration entre les diff\u00e9rents partenaires (parents, jeune lui-m\u00eame quand son \u00e2ge le permet, personnels de l'Education Nationale, service de soins, professionnels en lib\u00e9ral...)\r\nCette formation s'adresse \u00e0 toute personne, professionnelle ou non*. Elle a pour objectif d'apporter les connaissances sp\u00e9cifiques sur l'autisme, les pr\u00e9conisations \u00e0 suivre en milieu scolaire, les enjeux de l'\u00e9cole inclusive, la place et le r\u00f4le de chacun des partenaires. Ceci afin de permettre une scolarisation la plus apais\u00e9e possible.\r\n\r\n* Si vous \u00eates personnel de l'Education Nationale, la formation I06 vous est d\u00e9di\u00e9e. Pour la consulter et\/ou vous inscrire, cliquez sur le lien : I06","niveau":"Interm\u00e9diaire","image_niveau":1655,"Nouveaut\u00e9":["Nouveau contenu"],"statut":"En cours de programmation","public":["Tout public"],"prerequis":"Aucun","duree":"12h (2 jours cons\u00e9cutifs)","intervenants":["Orthophoniste","Psychologue"],"objectifs_de_la_formation":"<ul>\r\n \t<li>Conna\u00eetre les sp\u00e9cificit\u00e9s du Trouble du Spectre de l'Autisme<\/li>\r\n \t<li>Conna\u00eetre et comprendre les particularit\u00e9s langagi\u00e8res, sensorielles et cognitives de l'autisme<\/li>\r\n \t<li>Comprendre les difficult\u00e9s comportementales li\u00e9es au TSA pour mieux les pr\u00e9venir<\/li>\r\n \t<li>Conna\u00eetre les pr\u00e9conisations en terme d'am\u00e9nagements et d'adaptation pour une scolarisation apais\u00e9e<\/li>\r\n \t<li>Conna\u00eetre le cadre de la r\u00e9glementation de l'inclusion scolaire et les mesures de la strat\u00e9gie nationale \"autisme et TND\"<\/li>\r\n \t<li>Comprendre les enjeux de l'\u00e9cole inclusive, d\u00e9velopper le travail de coop\u00e9ration entre les diff\u00e9rents partenaires<\/li>\r\n<\/ul>","dates_de_la_formation":"","particularites":["Sans frais d'inscription et de formation"],"contenus":"Journ\u00e9e 1 :\r\n- Qu\u2019est-ce que l\u2019autisme ?\r\n- Diversit\u00e9 des profils et mises en situation.\r\n- Sp\u00e9cificit\u00e9s du fonctionnement des personnes avec TSA : profils cognitifs et socio \u00e9motionnels\r\n- Sp\u00e9cificit\u00e9s du fonctionnement des personnes avec TSA : profils sensori-psychomoteurs\r\n- Sp\u00e9cificit\u00e9s du fonctionnement des personnes avec TSA : profils du langage et de la communication\r\nJourn\u00e9e 2 :\r\n- Difficult\u00e9s comportementales de l\u2019enfant avec TSA dans le milieu scolaire : pr\u00e9sentation, analyse et pr\u00e9conisations pour les pr\u00e9venir\r\n- Cadre r\u00e9glementaire de l\u2019\u00e9cole inclusive, strat\u00e9gie nationale\r\n- Travail de coop\u00e9ration entre les diff\u00e9rents partenaires et le milieu scolaire : enjeux, place et r\u00f4le de chacun","horaire":"8h45-12h \/ 13h-16h45","lieu":["CRATours"],"adresse_exterieur":"","effectif":"8 \u00e0 25 personnes","date_limite_inscription":"<ul>\r\n \t<li>5 jours avant la formation<\/li>\r\n<\/ul>","lien_dinscription_formation":"https:\/\/www.cra-centre.org\/formation\/i09-appui-a-la-scolarisation-des-enfants-avec-troubles-du-spectre-de-lautisme-tsa\/","alerte_notification":"https:\/\/www.cra-centre.org\/formation\/i09-appui-a-la-scolarisation-des-enfants-avec-troubles-du-spectre-de-lautisme-tsa_notification\/","moyens_pedagogiques":"Salles \u00e9quip\u00e9es","methodes_pedagogiques":"Diaporamas, vid\u00e9os, \u00e9changes de pratiques","modalites_evaluation":"<span data-olk-copy-source=\"MessageBody\">Echanges en continu au fil de la journ\u00e9e, questions\/ r\u00e9ponses entre les stagiaires et l\u2019intervenant, questionnaire de satisfaction.<\/span>"},"_links":{"self":[{"href":"https:\/\/www.cra-centre.org\/formation\/wp-json\/wp\/v2\/catalogue\/1804","targetHints":{"allow":["GET"]}}],"collection":[{"href":"https:\/\/www.cra-centre.org\/formation\/wp-json\/wp\/v2\/catalogue"}],"about":[{"href":"https:\/\/www.cra-centre.org\/formation\/wp-json\/wp\/v2\/types\/catalogue"}],"wp:featuredmedia":[{"embeddable":true,"href":"https:\/\/www.cra-centre.org\/formation\/wp-json\/wp\/v2\/media\/2698"}],"wp:attachment":[{"href":"https:\/\/www.cra-centre.org\/formation\/wp-json\/wp\/v2\/media?parent=1804"}],"wp:term":[{"taxonomy":"categorie","embeddable":true,"href":"https:\/\/www.cra-centre.org\/formation\/wp-json\/wp\/v2\/categorie?post=1804"}],"curies":[{"name":"wp","href":"https:\/\/api.w.org\/{rel}","templated":true}]}}