{"id":1791,"date":"2024-07-18T11:45:43","date_gmt":"2024-07-18T09:45:43","guid":{"rendered":"https:\/\/www.cra-centre.org\/formation\/?post_type=formationv2&#038;p=1791"},"modified":"2026-04-13T15:37:45","modified_gmt":"2026-04-13T13:37:45","slug":"i01-comprendre-et-accueillir-les-personnes-avec-tsa-version-enfants","status":"publish","type":"catalogue","link":"https:\/\/www.cra-centre.org\/formation\/catalogue\/i01-comprendre-et-accueillir-les-personnes-avec-tsa-version-enfants\/","title":{"rendered":"I01 &#8211; Comprendre et accueillir les personnes avec Trouble du Spectre de l&rsquo;Autisme (TSA) [version enfant]"},"content":{"rendered":"","protected":false},"excerpt":{"rendered":"<p>Les Troubles du Spectre de l&rsquo;Autisme (TSA) sont de plus en plus connus du grand public mais leur diagnostic clinique reste complexe en raison de l&rsquo;expression vari\u00e9e des profils. Cette formation permet d&rsquo;acqu\u00e9rir les bases th\u00e9oriques pour rep\u00e9rer les signes du TSA et permettre les ajustements n\u00e9cessaires dans l&rsquo;accompagnement de l&rsquo;enfant selon les Recommandations de Bonne Pratique Professionnelle de la Haute Autorit\u00e9 de Sant\u00e9.<\/p>\n","protected":false},"featured_media":1822,"template":"","meta":{"_acf_changed":true},"categorie":[69,70,71],"class_list":["post-1791","catalogue","type-catalogue","status-publish","has-post-thumbnail","hentry","categorie-aidant","categorie-professionnel","categorie-tout-public","entry","has-media"],"acf":{"titre_de_la_formation":"I01 - Comprendre et accueillir les personnes avec Trouble du Spectre de l'Autisme (TSA) [version enfant]","description":"Les Troubles du Spectre de l'Autisme (TSA) sont de plus en plus connus du grand public mais leur diagnostic clinique reste complexe en raison de l'expression vari\u00e9e des profils. Cette formation permet d'acqu\u00e9rir les bases th\u00e9oriques pour rep\u00e9rer les signes du TSA et permettre les ajustements n\u00e9cessaires dans l'accompagnement de l'enfant selon les Recommandations de Bonne Pratique Professionnelle de la Haute Autorit\u00e9 de Sant\u00e9.","niveau":"Interm\u00e9diaire","image_niveau":1655,"Nouveaut\u00e9":"","statut":"Ouvert \u00e0 l'inscription","public":["Tout public"],"prerequis":"Aucun","duree":"7 heures (1 journ\u00e9e)","intervenants":["M\u00e9decin P\u00e9dopsychiatre","Educateur sp\u00e9cialis\u00e9","Orthophoniste","Psychologue","Psychomotricien"],"objectifs_de_la_formation":"<ul>\r\n \t<li><span style=\"font-size: 10pt;\">Connaitre et rep\u00e9rer les sp\u00e9cificit\u00e9s du Trouble du Spectre de l'Autisme<\/span><\/li>\r\n \t<li><strong><span style=\"font-size: 10pt;\">Connaitre et comprendre les particularit\u00e9s langagi\u00e8res et sensorielles de l'autisme<\/span><\/strong><\/li>\r\n \t<li><span style=\"font-size: 10pt;\"><span style=\"font-family: tahoma,arial,helvetica,sans-serif;\">Apporter au stagiaire des connaissances th\u00e9oriques actualis\u00e9es, au regard des recommandations de bonne pratique<\/span><\/span><\/li>\r\n \t<li><span style=\"font-size: 10pt;\">Mieux comprendre et s\u2019ajuster \u00e0 chaque personne avec autisme<\/span><\/li>\r\n<\/ul>","dates_de_la_formation":"<ul>\r\n \t<li>18\/09\/2026 en visioconf\u00e9rence<\/li>\r\n<\/ul>","particularites":["Sans frais d'inscription et de formation"],"contenus":"<ul>\r\n \t<li>Introduction et pr\u00e9sentation<\/li>\r\n \t<li>Qu\u2019est-ce que l\u2019autisme ?<\/li>\r\n \t<li>Diff\u00e9rents profils d\u2019enfants avec TSA<\/li>\r\n \t<li>Les particularit\u00e9s sensorielles<\/li>\r\n \t<li>Les particularit\u00e9s langagi\u00e8res et de communication<\/li>\r\n \t<li>Temps d\u2018\u00e9changes et retour sur la formation<\/li>\r\n<\/ul>","horaire":"8h45 - 12h \/ 13h - 16h45","lieu":["CRATours","Enligne"],"adresse_exterieur":"","effectif":"8 (mini) - 20 (maxi)","date_limite_inscription":"<ul>\r\n \t<li>5 jours avant la formation<\/li>\r\n<\/ul>","lien_dinscription_formation":"https:\/\/www.cra-centre.org\/formation\/i01-comprendre-et-accueillir-les-personnes-avec-trouble-du-spectre-de-lautisme-tsa-version-enfant\/","alerte_notification":"https:\/\/www.cra-centre.org\/formation\/i01-comprendre-et-accueillir-les-personnes-avec-trouble-du-spectre-de-lautisme-tsa-version-enfant_notif\/","moyens_pedagogiques":"Salles \u00e9quip\u00e9es","methodes_pedagogiques":"Diaporamas, vid\u00e9os, \u00e9changes de pratiques","modalites_evaluation":"<span data-olk-copy-source=\"MessageBody\">Echanges en continu au fil de la journ\u00e9e, questions\/ r\u00e9ponses entre les stagiaires et l\u2019intervenant, questionnaire de satisfaction.<\/span>"},"_links":{"self":[{"href":"https:\/\/www.cra-centre.org\/formation\/wp-json\/wp\/v2\/catalogue\/1791","targetHints":{"allow":["GET"]}}],"collection":[{"href":"https:\/\/www.cra-centre.org\/formation\/wp-json\/wp\/v2\/catalogue"}],"about":[{"href":"https:\/\/www.cra-centre.org\/formation\/wp-json\/wp\/v2\/types\/catalogue"}],"wp:featuredmedia":[{"embeddable":true,"href":"https:\/\/www.cra-centre.org\/formation\/wp-json\/wp\/v2\/media\/1822"}],"wp:attachment":[{"href":"https:\/\/www.cra-centre.org\/formation\/wp-json\/wp\/v2\/media?parent=1791"}],"wp:term":[{"taxonomy":"categorie","embeddable":true,"href":"https:\/\/www.cra-centre.org\/formation\/wp-json\/wp\/v2\/categorie?post=1791"}],"curies":[{"name":"wp","href":"https:\/\/api.w.org\/{rel}","templated":true}]}}