{"id":1670,"date":"2023-04-04T14:10:11","date_gmt":"2023-04-04T12:10:11","guid":{"rendered":"https:\/\/www.cra-centre.org\/formation\/?post_type=formationv2&#038;p=1670"},"modified":"2026-04-13T15:20:49","modified_gmt":"2026-04-13T13:20:49","slug":"lis-laboratoire-dimmersion-sensorielle","status":"publish","type":"catalogue","link":"https:\/\/www.cra-centre.org\/formation\/catalogue\/lis-laboratoire-dimmersion-sensorielle\/","title":{"rendered":"LIS &#8211; Laboratoire d&rsquo;immersion sensorielle"},"content":{"rendered":"","protected":false},"excerpt":{"rendered":"<p>Dans le cadre du Trouble du Spectre de l\u2019Autisme (TSA) et plus g\u00e9n\u00e9ralement des Troubles du NeuroD\u00e9veloppement (TND), nous sommes confront\u00e9s \u00e0 des personnes ayant des particularit\u00e9s sensorielles diverses et vari\u00e9es. Ces particularit\u00e9s sont corr\u00e9l\u00e9es avec la s\u00e9v\u00e9rit\u00e9 de l\u2019autisme et ne diminuent pas significativement avec l\u2019\u00e2ge. Les \u00e9tudes actuelles mettent en avant une pr\u00e9valence d\u2019atypie sensorielle de 95%. Ces difficult\u00e9s entrainent des fragilit\u00e9s motrices, \u00e9motionnelles, attentionnelles, sociales et de sant\u00e9. Cela engendre des r\u00e9percussions majeures sur l\u2019autonomie et la qualit\u00e9 de vie des personnes et peut entrainer des comportements probl\u00e8mes. <\/p>\n","protected":false},"featured_media":3826,"template":"","meta":{"_acf_changed":true},"categorie":[69,70,71],"class_list":["post-1670","catalogue","type-catalogue","status-publish","has-post-thumbnail","hentry","categorie-aidant","categorie-professionnel","categorie-tout-public","entry","has-media"],"acf":{"titre_de_la_formation":"LIS - Laboratoire d'immersion sensorielle","description":"Dans le cadre du Trouble du Spectre de l\u2019Autisme (TSA) et plus g\u00e9n\u00e9ralement des Troubles du NeuroD\u00e9veloppement (TND), nous sommes confront\u00e9s \u00e0 des personnes ayant des particularit\u00e9s sensorielles diverses et vari\u00e9es. Ces particularit\u00e9s sont corr\u00e9l\u00e9es avec la s\u00e9v\u00e9rit\u00e9 de l\u2019autisme et ne diminuent pas significativement avec l\u2019\u00e2ge. Les \u00e9tudes actuelles mettent en avant une pr\u00e9valence d\u2019atypie sensorielle de 95%. Ces difficult\u00e9s entrainent des fragilit\u00e9s motrices, \u00e9motionnelles, attentionnelles, sociales et de sant\u00e9. Cela engendre des r\u00e9percussions majeures sur l\u2019autonomie et la qualit\u00e9 de vie des personnes et peut entrainer des comportements probl\u00e8mes.","niveau":"D\u00e9butant","image_niveau":1654,"Nouveaut\u00e9":"","statut":"Ouvert \u00e0 l'inscription","public":["Tout public"],"prerequis":"Aucun","duree":"2 heures 30","intervenants":["Psychomotricien"],"objectifs_de_la_formation":"<ul>\r\n \t<li>L'objectif final, en se mettant \u00e0 la place des personnes ayant des particularit\u00e9s d'int\u00e9gration sensorielle est de r\u00e9fl\u00e9chir \u00e0 nos attitudes, nos accompagnements et encourager la mise en place d'am\u00e9nagements.<\/li>\r\n \t<li>Ce projet vise \u00e9galement \u00e0 augmenter la bienveillance et l'indulgence \u00e0 l'\u00e9gard des personnes avec autisme.<\/li>\r\n<\/ul>","dates_de_la_formation":"<ul>\r\n \t<li>le 14\/09\/2026 de 9h30 \u00e0 12h30<\/li>\r\n \t<li>le 08\/12\/2026 de 14h00 \u00e0 17h00<\/li>\r\n<\/ul>","particularites":["Sans frais d'inscription et de formation"],"contenus":"<ul>\r\n \t<li>Ateliers d'exercices d'immersion sensorielle<\/li>\r\n \t<li>A l'issue de cette exp\u00e9rimentation, nous r\u00e9alisons un temps d'\u00e9changes enrichi d'un apport th\u00e9orique sur les particularit\u00e9s sensorielles et les am\u00e9nagements possibles.<\/li>\r\n<\/ul>","horaire":"14h-16h30","lieu":["CRATours"],"adresse_exterieur":"","effectif":"10 \u00e0 20 personnes","date_limite_inscription":"<ul>\r\n \t<li>5 jours avant la formation<\/li>\r\n<\/ul>","lien_dinscription_formation":"https:\/\/www.cra-centre.org\/formation\/lis-laboratoire-dimmersion-sensorielle\/","alerte_notification":"https:\/\/www.cra-centre.org\/formation\/lis-laboratoire-dimmersion-sensorielle_notif\/","moyens_pedagogiques":"Salles de formation \u00e9quip\u00e9es","methodes_pedagogiques":"Diaporamas, vid\u00e9os, \u00e9changes de pratiques, mise en situation","modalites_evaluation":"<span data-olk-copy-source=\"MessageBody\">Echanges en continu au fil de la journ\u00e9e, questions\/ r\u00e9ponses entre les stagiaires et l\u2019intervenant, questionnaire de satisfaction.<\/span>"},"_links":{"self":[{"href":"https:\/\/www.cra-centre.org\/formation\/wp-json\/wp\/v2\/catalogue\/1670","targetHints":{"allow":["GET"]}}],"collection":[{"href":"https:\/\/www.cra-centre.org\/formation\/wp-json\/wp\/v2\/catalogue"}],"about":[{"href":"https:\/\/www.cra-centre.org\/formation\/wp-json\/wp\/v2\/types\/catalogue"}],"wp:featuredmedia":[{"embeddable":true,"href":"https:\/\/www.cra-centre.org\/formation\/wp-json\/wp\/v2\/media\/3826"}],"wp:attachment":[{"href":"https:\/\/www.cra-centre.org\/formation\/wp-json\/wp\/v2\/media?parent=1670"}],"wp:term":[{"taxonomy":"categorie","embeddable":true,"href":"https:\/\/www.cra-centre.org\/formation\/wp-json\/wp\/v2\/categorie?post=1670"}],"curies":[{"name":"wp","href":"https:\/\/api.w.org\/{rel}","templated":true}]}}